{"id":1266,"date":"2023-09-23T12:00:49","date_gmt":"2023-09-23T11:00:49","guid":{"rendered":"https:\/\/theodestabeaux.com\/?post_type=rara-portfolio&#038;p=1266"},"modified":"2023-09-23T12:00:49","modified_gmt":"2023-09-23T11:00:49","slug":"astre","status":"publish","type":"rara-portfolio","link":"https:\/\/theodestabeaux.com\/?rara-portfolio=astre","title":{"rendered":"Astre"},"content":{"rendered":"\n<figure class=\"wp-block-embed is-type-video is-provider-youtube wp-block-embed-youtube wp-embed-aspect-16-9 wp-has-aspect-ratio\"><div class=\"wp-block-embed__wrapper\">\n<div class=\"video-wrapper\"><span class=\"embed-youtube\" style=\"text-align:center; display: block;\"><iframe loading=\"lazy\" class=\"youtube-player\" width=\"840\" height=\"473\" src=\"https:\/\/www.youtube.com\/embed\/o7Dd95Ntkvo?version=3&#038;rel=1&#038;showsearch=0&#038;showinfo=1&#038;iv_load_policy=1&#038;fs=1&#038;hl=fr-FR&#038;autohide=2&#038;wmode=transparent\" allowfullscreen=\"true\" style=\"border:0;\" sandbox=\"allow-scripts allow-same-origin allow-popups allow-presentation\"><\/iframe><\/span><\/div>\n<\/div><\/figure>\n\n\n\n<p>R\u00e9cap&rsquo; vid\u00e9o avec s\u00e9quences anim\u00e9es de la Rencontre r\u00e9gionale des acteurs des arts plastiques et visuels en Nouvelle-Aquitaine, r\u00e9alis\u00e9e en 2023 par le <a rel=\"noreferrer noopener\" href=\"https:\/\/www.instagram.com\/collectif.sapin\/\" data-type=\"URL\" data-id=\"https:\/\/www.instagram.com\/collectif.sapin\/\" target=\"_blank\">Collectif Sapin<\/a> pour le <a rel=\"noreferrer noopener\" href=\"http:\/\/reseau-astre.org\/\" data-type=\"URL\" data-id=\"http:\/\/reseau-astre.org\/\" target=\"_blank\">R\u00e9seau Astre<\/a>.<\/p>\n\n\n\n<p>La rencontre r\u00e9gionale des acteurs des arts plastiques et visuels \u00e0 eu lieu les 29, 30 novembre et 1er d\u00e9cembre 2022 \u00e0 Pau. Durant trois jours, le r\u00e9seau Astre a propos\u00e9 un programme croisant programmation artistique et temps d\u2019\u00e9changes pour partager ses connaissances et ses exp\u00e9riences, acc\u00e9der \u00e0 des ressources professionnelles et se rencontrer. Les discussions ont invit\u00e9 au dialogue collectif, centr\u00e9, en 2022, sur deux sujets majeurs : l\u2019\u00e9co-responsabilit\u00e9 au sein du secteur des arts plastiques et visuels et la dynamique collective impuls\u00e9e par les collectifs d\u2019artistes.<\/p>\n\n\n\n<p>J&rsquo;ai occup\u00e9 les postes de co-r\u00e9alisateur, graphiste et animateur pour la partie anim\u00e9e.<\/p>\n\n\n\n<div class=\"wp-block-image\"><figure class=\"aligncenter size-large\"><a href=\"https:\/\/i0.wp.com\/theodestabeaux.com\/wp-content\/uploads\/2023\/09\/BlablaAstre.gif?ssl=1\"><img decoding=\"async\" loading=\"lazy\" width=\"720\" height=\"405\" src=\"https:\/\/i0.wp.com\/theodestabeaux.com\/wp-content\/uploads\/2023\/09\/BlablaAstre.gif?resize=720%2C405&#038;ssl=1\" alt=\"\" class=\"wp-image-1267\" data-recalc-dims=\"1\"\/><\/a><\/figure><\/div>\n","protected":false},"excerpt":{"rendered":"<p>R\u00e9cap&rsquo; vid\u00e9o avec s\u00e9quences anim\u00e9es de la Rencontre r\u00e9gionale des acteurs des arts plastiques et visuels en Nouvelle-Aquitaine, r\u00e9alis\u00e9e en 2023 par le Collectif Sapin pour le R\u00e9seau Astre. La rencontre r\u00e9gionale des acteurs des arts plastiques et visuels \u00e0 eu lieu les 29, 30 novembre et 1er d\u00e9cembre 2022 \u00e0 Pau. Durant trois jours,&hellip;<\/p>\n","protected":false},"author":1,"featured_media":1268,"template":"","rara_portfolio_categories":[34],"jetpack_sharing_enabled":true,"_links":{"self":[{"href":"https:\/\/theodestabeaux.com\/index.php?rest_route=\/wp\/v2\/rara-portfolio\/1266"}],"collection":[{"href":"https:\/\/theodestabeaux.com\/index.php?rest_route=\/wp\/v2\/rara-portfolio"}],"about":[{"href":"https:\/\/theodestabeaux.com\/index.php?rest_route=\/wp\/v2\/types\/rara-portfolio"}],"author":[{"embeddable":true,"href":"https:\/\/theodestabeaux.com\/index.php?rest_route=\/wp\/v2\/users\/1"}],"wp:featuredmedia":[{"embeddable":true,"href":"https:\/\/theodestabeaux.com\/index.php?rest_route=\/wp\/v2\/media\/1268"}],"wp:attachment":[{"href":"https:\/\/theodestabeaux.com\/index.php?rest_route=%2Fwp%2Fv2%2Fmedia&parent=1266"}],"wp:term":[{"taxonomy":"rara_portfolio_categories","embeddable":true,"href":"https:\/\/theodestabeaux.com\/index.php?rest_route=%2Fwp%2Fv2%2Frara_portfolio_categories&post=1266"}],"curies":[{"name":"wp","href":"https:\/\/api.w.org\/{rel}","templated":true}]}}