{"id":1082,"date":"2020-05-24T20:14:30","date_gmt":"2020-05-24T19:14:30","guid":{"rendered":"http:\/\/www.didesta.fr\/theo\/?post_type=rara-portfolio&#038;p=1082"},"modified":"2020-05-24T20:48:37","modified_gmt":"2020-05-24T19:48:37","slug":"amibes","status":"publish","type":"rara-portfolio","link":"https:\/\/theodestabeaux.com\/?rara-portfolio=amibes","title":{"rendered":"Amibes"},"content":{"rendered":"\n<figure class=\"wp-block-image size-large\"><img decoding=\"async\" loading=\"lazy\" width=\"840\" height=\"899\" src=\"https:\/\/i0.wp.com\/www.didesta.fr\/theo\/wp-content\/uploads\/2020\/05\/15225232_10211314357673479_978274538_o.jpgmieux-957x1024.jpg?resize=840%2C899&#038;ssl=1\" alt=\"\" class=\"wp-image-1083\" srcset=\"https:\/\/i0.wp.com\/theodestabeaux.com\/wp-content\/uploads\/2020\/05\/15225232_10211314357673479_978274538_o.jpgmieux.jpg?resize=957%2C1024&amp;ssl=1 957w, https:\/\/i0.wp.com\/theodestabeaux.com\/wp-content\/uploads\/2020\/05\/15225232_10211314357673479_978274538_o.jpgmieux.jpg?resize=280%2C300&amp;ssl=1 280w, https:\/\/i0.wp.com\/theodestabeaux.com\/wp-content\/uploads\/2020\/05\/15225232_10211314357673479_978274538_o.jpgmieux.jpg?resize=768%2C821&amp;ssl=1 768w, https:\/\/i0.wp.com\/theodestabeaux.com\/wp-content\/uploads\/2020\/05\/15225232_10211314357673479_978274538_o.jpgmieux.jpg?resize=800%2C856&amp;ssl=1 800w, https:\/\/i0.wp.com\/theodestabeaux.com\/wp-content\/uploads\/2020\/05\/15225232_10211314357673479_978274538_o.jpgmieux.jpg?resize=168%2C180&amp;ssl=1 168w, https:\/\/i0.wp.com\/theodestabeaux.com\/wp-content\/uploads\/2020\/05\/15225232_10211314357673479_978274538_o.jpgmieux.jpg?resize=1%2C1&amp;ssl=1 1w, https:\/\/i0.wp.com\/theodestabeaux.com\/wp-content\/uploads\/2020\/05\/15225232_10211314357673479_978274538_o.jpgmieux.jpg?w=1365&amp;ssl=1 1365w\" sizes=\"(max-width: 840px) 100vw, 840px\" data-recalc-dims=\"1\" \/><\/figure>\n\n\n\n<figure class=\"wp-block-image size-large\"><img decoding=\"async\" loading=\"lazy\" width=\"840\" height=\"560\" src=\"https:\/\/i0.wp.com\/www.didesta.fr\/theo\/wp-content\/uploads\/2020\/05\/Amibe1mieux-1024x683.jpg?resize=840%2C560&#038;ssl=1\" alt=\"\" class=\"wp-image-1084\" srcset=\"https:\/\/i0.wp.com\/theodestabeaux.com\/wp-content\/uploads\/2020\/05\/Amibe1mieux.jpg?resize=1024%2C683&amp;ssl=1 1024w, https:\/\/i0.wp.com\/theodestabeaux.com\/wp-content\/uploads\/2020\/05\/Amibe1mieux.jpg?resize=300%2C200&amp;ssl=1 300w, https:\/\/i0.wp.com\/theodestabeaux.com\/wp-content\/uploads\/2020\/05\/Amibe1mieux.jpg?resize=768%2C512&amp;ssl=1 768w, https:\/\/i0.wp.com\/theodestabeaux.com\/wp-content\/uploads\/2020\/05\/Amibe1mieux.jpg?resize=1536%2C1024&amp;ssl=1 1536w, https:\/\/i0.wp.com\/theodestabeaux.com\/wp-content\/uploads\/2020\/05\/Amibe1mieux.jpg?resize=800%2C533&amp;ssl=1 800w, https:\/\/i0.wp.com\/theodestabeaux.com\/wp-content\/uploads\/2020\/05\/Amibe1mieux.jpg?resize=270%2C180&amp;ssl=1 270w, https:\/\/i0.wp.com\/theodestabeaux.com\/wp-content\/uploads\/2020\/05\/Amibe1mieux.jpg?resize=1%2C1&amp;ssl=1 1w, https:\/\/i0.wp.com\/theodestabeaux.com\/wp-content\/uploads\/2020\/05\/Amibe1mieux.jpg?w=2048&amp;ssl=1 2048w, https:\/\/i0.wp.com\/theodestabeaux.com\/wp-content\/uploads\/2020\/05\/Amibe1mieux.jpg?w=1680&amp;ssl=1 1680w\" sizes=\"(max-width: 840px) 100vw, 840px\" data-recalc-dims=\"1\" \/><\/figure>\n\n\n\n<p>Fanzine que j&rsquo;ai co-\u00e9dit\u00e9 en 2015 avec Lucien Blanc, Adrien Vivi\u00e8re, Louise Pillet, <a href=\"https:\/\/www.instagram.com\/julesnaleb\/\">Jules Naleb<\/a>, et <a href=\"http:\/\/charlesrenel.blogspot.com\/\">Charles Renel<\/a>.<\/p>\n\n\n\n<p>\u00c9puis\u00e9.<br><br>Vous pouvez t\u00e9l\u00e9charger mes pages pour Amibes, auquel cas merci de respecter ces conditions:<br><strong>Attribution \u2013 Pas d\u2019Utilisation Commerciale \u2013 Partage dans les M\u00eames Conditions.<\/strong><\/p>\n\n\n\n<div class=\"wp-block-file\"><a href=\"https:\/\/www.didesta.fr\/theo\/wp-content\/uploads\/2020\/05\/Amibes1et2-2.pdf\">PDF T\u00e9l\u00e9chargeable de mes pages pour Amibes<\/a><a href=\"https:\/\/www.didesta.fr\/theo\/wp-content\/uploads\/2020\/05\/Amibes1et2-2.pdf\" class=\"wp-block-file__button\" download>T\u00e9l\u00e9charger<\/a><\/div>\n\n\n\n<p><\/p>\n","protected":false},"excerpt":{"rendered":"<p>Fanzine que j&rsquo;ai co-\u00e9dit\u00e9 en 2015 avec Lucien Blanc, Adrien Vivi\u00e8re, Louise Pillet, Jules Naleb, et Charles Renel. \u00c9puis\u00e9. Vous pouvez t\u00e9l\u00e9charger mes pages pour Amibes, auquel cas merci de respecter ces conditions:Attribution \u2013 Pas d\u2019Utilisation Commerciale \u2013 Partage dans les M\u00eames Conditions.<\/p>\n","protected":false},"author":1,"featured_media":1085,"template":"","rara_portfolio_categories":[39],"jetpack_sharing_enabled":true,"_links":{"self":[{"href":"https:\/\/theodestabeaux.com\/index.php?rest_route=\/wp\/v2\/rara-portfolio\/1082"}],"collection":[{"href":"https:\/\/theodestabeaux.com\/index.php?rest_route=\/wp\/v2\/rara-portfolio"}],"about":[{"href":"https:\/\/theodestabeaux.com\/index.php?rest_route=\/wp\/v2\/types\/rara-portfolio"}],"author":[{"embeddable":true,"href":"https:\/\/theodestabeaux.com\/index.php?rest_route=\/wp\/v2\/users\/1"}],"wp:featuredmedia":[{"embeddable":true,"href":"https:\/\/theodestabeaux.com\/index.php?rest_route=\/wp\/v2\/media\/1085"}],"wp:attachment":[{"href":"https:\/\/theodestabeaux.com\/index.php?rest_route=%2Fwp%2Fv2%2Fmedia&parent=1082"}],"wp:term":[{"taxonomy":"rara_portfolio_categories","embeddable":true,"href":"https:\/\/theodestabeaux.com\/index.php?rest_route=%2Fwp%2Fv2%2Frara_portfolio_categories&post=1082"}],"curies":[{"name":"wp","href":"https:\/\/api.w.org\/{rel}","templated":true}]}}